{"id":127,"date":"2021-01-04T15:23:58","date_gmt":"2021-01-04T14:23:58","guid":{"rendered":"https:\/\/www.notreterre.net\/freunde\/?page_id=127"},"modified":"2026-01-20T16:46:34","modified_gmt":"2026-01-20T15:46:34","slug":"freunde-notreterre","status":"publish","type":"page","link":"https:\/\/www.notreterre.net\/freunde\/","title":{"rendered":"Home"},"content":{"rendered":"\n<h2 class=\"wp-block-heading\"><strong>Freunde von Notreterre<\/strong> <\/h2>\n\n\n\n<p><br>Die \u201eFreunde von Notreterre\u201c wollen im gleichnamigen gemeinn\u00fctzigen Verein vor allem Projekte der Organisation <strong><a rel=\"noreferrer noopener\" href=\"https:\/\/www.notreterre.net\/\" data-type=\"URL\" data-id=\"https:\/\/www.notreterre.net\/\" target=\"_blank\">notre terre<\/a> <\/strong>in Burkina Faso (Westafrika) unterst\u00fctzen.<\/p>\n\n\n\n<p>Notre terre bedeutet \u201eunsere Erde\u201c \u2013 damit soll signalisiert werden, dass wir uns alle auf dieser einen \u201eunseren\u201c Erde befinden, eine gemeinsame Verantwortung f\u00fcr das Wohl dieser Erde, der Natur und der Menschen darauf haben und nur durch Zusammenhalt als eine Menschheit dies auch schaffen k\u00f6nnen. Einen kleinen Beitrag dazu wollen die Organisationen \u201enotre terre\u201c in Burkina und der \u00f6sterreichische Verein \u201eFreunde von Notreterre\u201c leisten \u2026<\/p>\n\n\n\n<p>Wie wollen wir dies erreichen?<\/p>\n\n\n\n<p>Vor allem durch Mitgliedsbeitr\u00e4ge und Spenden sollen die Mittel f\u00fcr die Unterst\u00fctzung dieser Projekte aufgebracht werden. Aber auch andere finanzielle Zuwendungen, wie zum Beispiel F\u00f6rderungen und Subventionen werden angestrebt.<\/p>\n\n\n\n<p>Durch kulturelle Veranstaltungen, Vortr\u00e4ge, Sammelaktionen, Nutzung digitaler Medien und Information \u00fcber diese sozialen Projekte im Bekannten- und Freundeskreis und in der \u00d6ffentlichkeit wollen wir f\u00fcr die Situation der zu unterst\u00fctzenden Menschen in Westafrika sensibilisieren und helfen, die notwendige Finanzierung zu erm\u00f6glichen.<\/p>\n\n\n\n<p>Welche Projekte?<\/p>\n\n\n\n<p>Die Organisation \u201enotre terre\u201c hat begonnen, im S\u00fcdwesten von Burkina Faso Heilpflanzen anzubauen (insbesondere Artemisia annua, den einj\u00e4hrigen Beifu\u00df), die bei Prophylaxe und Behandlung von Malaria und anderen regionalen Erkrankungen sehr hilfreich sind. Dazu wurde ein Brunnen gebohrt, ohne den ein ganzj\u00e4hriger Anbau \u2013 vor allem der Artemisia \u2013 nicht m\u00f6glich ist. Ebenfalls wurden ein Vorrats- und ein Wohngeb\u00e4ude, sowie ein Wasser-Hochbeh\u00e4lter errichtet.<\/p>\n\n\n\n<p>In den letzten Jahren konnte dank einer Subvention der Abt. 2 des Landes Salzburg, der Abteilung <a>f\u00fcr Kultur, Bildung, Gesellschaft und Sport <\/a>ein umfangreiches Bew\u00e4sserungssystem und eine Solarstrom-Anlage realisiert werden. Die Solarpaneele wurden von der Firma Sonnenkraft gespendet.<\/p>\n\n\n\n<p>Herzlichen Dank ALLEN Unterst\u00fctzern!!<\/p>\n\n\n\n<p>Somit ist der ganzj\u00e4hrige Anbau der so wertvollen Heilpflanze m\u00f6glich.<\/p>\n\n\n\n<p>Nat\u00fcrlich m\u00fcssen L\u00f6hne f\u00fcr Mitarbeiter und Hilfskr\u00e4fte vor Ort und vieles mehr auch weiterhin finanziert werden.<\/p>\n\n\n\n<p>Dabei kann unser Verein einen wertvollen Beitrag leisten. Darum unsere Bitte an dich: Werde Mitglied und unterst\u00fctze durch deinen Mitgliedsbeitrag von 25,- Euro j\u00e4hrlich (und\/oder durch eine Spende) diese Vorhaben!<\/p>\n\n\n\n<p>Dazu kannst du auf der Seite <strong><a rel=\"noreferrer noopener\" href=\"https:\/\/www.notreterre.net\/freunde\/mitgliedschaft\/\" data-type=\"URL\" data-id=\"https:\/\/www.notreterre.net\/freunde\/mitgliedschaft\/\" target=\"_blank\">Mitgliedschaft<\/a><\/strong> das Formular ganz einfach ausf\u00fcllen und senden.<br>Wichtig: Bitte gib an, ob du dich in irgendeiner Form an der Vereinsarbeit beteiligen willst (als ordentliches Mitglied) oder ob du als reines F\u00f6rdermitglied finanziell den Verein unterst\u00fctzen willst.<\/p>\n\n\n\n<p>Mehr Details zum Verein \u201eFreunde von Notreterre\u201c findest du auf der Seite <strong><a href=\"https:\/\/www.notreterre.net\/freunde\/statuten\/\" data-type=\"URL\" data-id=\"https:\/\/www.notreterre.net\/freunde\/statuten\/\" target=\"_blank\" rel=\"noreferrer noopener\">Statuten des Vereins<\/a><\/strong> (Sitz, Ziel, Gemeinn\u00fctzigkeit, Mitgliedschaft, Vereinsorgane \u2026).<\/p>\n\n\n\n<p>Wir freuen uns nat\u00fcrlich \u00fcber Mitarbeit im Vorstand, Mithilfe bei Veranstaltungen und sonstige Einbringung deiner F\u00e4higkeiten und M\u00f6glichkeiten (wie z.B. Informatik\/Web-Kenntnisse, Veranstaltungs-Organisation, Kontakte etc.)<\/p>\n\n\n\n<p>Auf den Seiten <strong><a rel=\"noreferrer noopener\" href=\"https:\/\/www.notreterre.net\/freunde\/aktuelles\/\" data-type=\"URL\" data-id=\"https:\/\/www.notreterre.net\/freunde\/aktuelles\/\" target=\"_blank\">Aktuelles<\/a> <\/strong>und <strong><a rel=\"noreferrer noopener\" href=\"https:\/\/www.notreterre.net\/freunde\/fotogalerie\/\" data-type=\"URL\" data-id=\"https:\/\/www.notreterre.net\/freunde\/fotogalerie\/\" target=\"_blank\">Fotogalerie<\/a> <\/strong>findest du mehr zu unseren Aktivit\u00e4ten und Fortschritten der Projekte in Burkina Faso.<\/p>\n\n\n\n<p>Und ein herzliches Danke an unsere <strong><a href=\"https:\/\/www.notreterre.net\/freunde\/foerderungen\/\" data-type=\"URL\" data-id=\"https:\/\/www.notreterre.net\/freunde\/foerderungen\/\">F\u00f6rderer<\/a><\/strong>!<\/p>\n\n\n\n<div class=\"wp-block-columns is-layout-flex wp-container-core-columns-is-layout-9d6595d7 wp-block-columns-is-layout-flex\">\n<div class=\"wp-block-column is-vertically-aligned-top is-layout-flow wp-block-column-is-layout-flow\">\n<p><strong>Spendenm\u00f6glichkeit:<\/strong><br>Kontowortlaut: Freunde von Notreterre<br>bei der Raiffeisenbank Oberpinzgau<br>IBAN: AT38 3503 9000 3000 6092<br>BIC: RVSAAT2S039<br><br>(Kontonummer 30.006.092, BLZ 35039)<br><br>oder ganz einfach \u00fcber\u00a0<a href=\"https:\/\/www.paypal.me\/RuthGruen\" data-type=\"URL\" data-id=\"https:\/\/www.paypal.me\/RuthGruen\" target=\"_blank\" rel=\"noreferrer noopener\">www.paypal.me\/RuthGruen<\/a><\/p>\n<\/div>\n\n\n\n<div class=\"wp-block-column is-layout-flow wp-block-column-is-layout-flow\">\n<figure class=\"wp-block-image size-large\"><img loading=\"lazy\" decoding=\"async\" width=\"350\" height=\"350\" src=\"https:\/\/www.notreterre.net\/freunde\/wp-content\/uploads\/2020\/09\/cropped-logo-freunde-notreterre-var2-e1609827092576.png\" alt=\"\" class=\"wp-image-109\"\/><\/figure>\n<\/div>\n<\/div>\n\n\n\n<div class=\"wp-block-columns is-layout-flex wp-container-core-columns-is-layout-9d6595d7 wp-block-columns-is-layout-flex\">\n<div class=\"wp-block-column is-layout-flow wp-block-column-is-layout-flow\" style=\"flex-basis:100%\"><\/div>\n<\/div>\n\n\n\n<p><\/p>\n","protected":false},"excerpt":{"rendered":"<p>Freunde von Notreterre Die \u201eFreunde von Notreterre\u201c wollen im gleichnamigen gemeinn\u00fctzigen Verein vor allem Projekte der Organisation notre terre in Burkina Faso (Westafrika) unterst\u00fctzen. Notre terre<span class=\"excerpt-hellip\"> [\u2026]<\/span><\/p>\n","protected":false},"author":2,"featured_media":0,"parent":0,"menu_order":0,"comment_status":"closed","ping_status":"closed","template":"","meta":{"footnotes":""},"class_list":["post-127","page","type-page","status-publish","hentry"],"_links":{"self":[{"href":"https:\/\/www.notreterre.net\/freunde\/wp-json\/wp\/v2\/pages\/127","targetHints":{"allow":["GET"]}}],"collection":[{"href":"https:\/\/www.notreterre.net\/freunde\/wp-json\/wp\/v2\/pages"}],"about":[{"href":"https:\/\/www.notreterre.net\/freunde\/wp-json\/wp\/v2\/types\/page"}],"author":[{"embeddable":true,"href":"https:\/\/www.notreterre.net\/freunde\/wp-json\/wp\/v2\/users\/2"}],"replies":[{"embeddable":true,"href":"https:\/\/www.notreterre.net\/freunde\/wp-json\/wp\/v2\/comments?post=127"}],"version-history":[{"count":28,"href":"https:\/\/www.notreterre.net\/freunde\/wp-json\/wp\/v2\/pages\/127\/revisions"}],"predecessor-version":[{"id":405,"href":"https:\/\/www.notreterre.net\/freunde\/wp-json\/wp\/v2\/pages\/127\/revisions\/405"}],"wp:attachment":[{"href":"https:\/\/www.notreterre.net\/freunde\/wp-json\/wp\/v2\/media?parent=127"}],"curies":[{"name":"wp","href":"https:\/\/api.w.org\/{rel}","templated":true}]}}